{"id":57,"date":"2016-09-28T16:08:20","date_gmt":"2016-09-28T16:08:20","guid":{"rendered":"http:\/\/demowp.cththemes.com\/bloom\/?page_id=57"},"modified":"2026-08-31T10:12:50","modified_gmt":"2026-08-31T10:12:50","slug":"blog","status":"publish","type":"page","link":"https:\/\/viorelcorbu.ro\/en\/blog\/","title":{"rendered":"Blog"},"content":{"rendered":"<p data-rm-block-id=\"block-1\"><div class=\"clearfix\"><\/div><div class=\"vc_row wpb_row vc_row-fluid\"><div class=\"wpb_column vc_column_container vc_col-sm-12\"><div class=\"vc_column-inner\"><div class=\"wpb_wrapper\">\n\n<div class=\"masonry-folio-main-wrap content  folio-grid-style-one-wrap\">\n\n\n      \n\n    \n\n\n<div class=\"folio-grid-folios-wrap\">\n\n        <div class=\"gallery-items folio-gallery two-columns ver-medium-pad use-loadmore hid-port-info pad-btom-folio man-style-one\" \n                >\n            <div class=\"grid-sizer\"><\/div>\n            <div class=\"grid-sizer-second\"><\/div>\n            <div class=\"grid-sizer-three\"><\/div>\n\n                            \n                <div class=\"gallery-item foliover-style1 gallery-item-one post-2767 portfolio type-portfolio status-publish has-post-thumbnail hentry portfolio_cat-pov portfolio_cat-snowboarding portfolio_cat-video\">\n    <div class=\"grid-item-holder\">\n        <div class=\"grid-item-holder-inner\">\n                    <img loading=\"lazy\" decoding=\"async\" width=\"1200\" height=\"800\" src=\"https:\/\/spcdn.shortpixel.ai\/spio\/ret_img,q_cdnize,to_auto,s_webp:avif\/viorelcorbu.ro\/wp-content\/uploads\/2026\/07\/391C07FB-29E0-41AC-8869-385A21F9E487-3-e1784314437492.jpeg\" class=\"attachment-bloomver-size-one size-bloomver-size-one wp-post-image\" alt=\"Peisaj montan cu z\u0103pad\u0103 \u0219i vegeta\u021bie verde.\" \/>        \n            \n            <div class=\"thumb-info\">\n                <h3>\n                                <a href=\"https:\/\/viorelcorbu.ro\/en\/blog\/ultimele-linii\/\" class=\"ajax\">\n                                Iunie \u0219i iulie \u00een Bucegi \u2014 Ultimele linii de z\u0103pad\u0103                                <\/a>\n                                <\/h3>\n                <p class=\"folio-cat-list\"><a href=\"https:\/\/viorelcorbu.ro\/en\/portfolio_cat\/pov\/\">POV<\/a><span> \/ <\/span><a href=\"https:\/\/viorelcorbu.ro\/en\/portfolio_cat\/snowboarding\/\">Snowboarding<\/a><span> \/ <\/span><a href=\"https:\/\/viorelcorbu.ro\/en\/portfolio_cat\/video\/\">Video<\/a><\/p>\n                <div class=\"folio-excerpt\">Iunie \u0219i iulie \u00een Bucegi. C\u00e2nd iarna pare \u00eencheiat\u0103, \u00eenc\u0103 mai exist\u0103 c\u00e2teva linii. Trebuie doar s\u0103 le g\u0103se\u0219ti. \u00cen fiecare an apare acela\u0219i moment. P\u00e2rtiile sunt \u00eenchise, echipamentele sunt puse deoparte, iar sezonul pare \u00eencheiat. Pentru mine \u00eens\u0103, atunci \u00eencepe o alt\u0103 etap\u0103. \u00cen iunie \u0219i iulie urc pe platoul Bucegilor f\u0103r\u0103 s\u0103 caut [...]<\/div>            <\/div>\n\n            \n\n                <\/div>\n\n    <\/div>\n<\/div>\n                            \n                <div class=\"gallery-item foliover-style1 gallery-item-one post-2737 portfolio type-portfolio status-publish has-post-thumbnail hentry portfolio_cat-pov portfolio_cat-snowboarding portfolio_cat-video\">\n    <div class=\"grid-item-holder\">\n        <div class=\"grid-item-holder-inner\">\n                    <img loading=\"lazy\" decoding=\"async\" width=\"1200\" height=\"800\" src=\"https:\/\/viorelcorbu.ro\/wp-content\/uploads\/2026\/07\/6722E0D1-8454-4BBC-82D1-5A818E090BCD-e1784315386753.jpeg\" class=\"attachment-bloomver-size-one size-bloomver-size-one wp-post-image\" alt=\"Peisaj montan cu z\u0103pad\u0103, copaci \u0219i cer \u00eennorat, peisaj de iarn\u0103.\" srcset=\"https:\/\/viorelcorbu.ro\/wp-content\/uploads\/2026\/07\/6722E0D1-8454-4BBC-82D1-5A818E090BCD-e1784315386753.jpeg 1200w, https:\/\/viorelcorbu.ro\/wp-content\/uploads\/2026\/07\/6722E0D1-8454-4BBC-82D1-5A818E090BCD-e1784315386753-300x200.jpeg 300w, https:\/\/viorelcorbu.ro\/wp-content\/uploads\/2026\/07\/6722E0D1-8454-4BBC-82D1-5A818E090BCD-e1784315386753-768x512.jpeg 768w\" sizes=\"auto, (max-width: 1200px) 100vw, 1200px\" \/>        \n            \n            <div class=\"thumb-info\">\n                <h3>\n                                <a href=\"https:\/\/viorelcorbu.ro\/en\/blog\/1-mai-in-bucegi-urmele-unei-ierni-care-nu-pleaca-inca\/\" class=\"ajax\">\n                                1 Mai \u00een Bucegi \u2014 urmele unei ierni care nu pleac\u0103 \u00eenc\u0103                                <\/a>\n                                <\/h3>\n                <p class=\"folio-cat-list\"><a href=\"https:\/\/viorelcorbu.ro\/en\/portfolio_cat\/pov\/\">POV<\/a><span> \/ <\/span><a href=\"https:\/\/viorelcorbu.ro\/en\/portfolio_cat\/snowboarding\/\">Snowboarding<\/a><span> \/ <\/span><a href=\"https:\/\/viorelcorbu.ro\/en\/portfolio_cat\/video\/\">Video<\/a><\/p>\n                <div class=\"folio-excerpt\">Dou\u0103 v\u0103i noi din abruptul Baba Mare spre valea Sugarilor, culoare necunoscute, z\u0103pad\u0103 de iarn\u0103 \u0219i c\u00e2teva ore \u00een care platoul a uitat c\u0103 este mai. Din cabina care urca spre platou se vedea c\u0103 ninsese pu\u021bin peste noapte, dar f\u0103r\u0103 s\u0103 par\u0103 ceva important. Abia c\u00e2nd am ie\u0219it din sta\u021bie s-a schimbat totul. Aer [...]<\/div>            <\/div>\n\n            \n\n                <\/div>\n\n    <\/div>\n<\/div>\n                            \n                <div class=\"gallery-item foliover-style1 gallery-item-one post-2395 portfolio type-portfolio status-publish has-post-thumbnail hentry portfolio_cat-pov portfolio_cat-snowboarding portfolio_cat-video\">\n    <div class=\"grid-item-holder\">\n        <div class=\"grid-item-holder-inner\">\n                    <img loading=\"lazy\" decoding=\"async\" width=\"1536\" height=\"1024\" src=\"https:\/\/viorelcorbu.ro\/wp-content\/uploads\/2026\/07\/4C9F7036-07CF-45F9-9EA6-FA5393E1DF7E-1.jpeg\" class=\"attachment-bloomver-size-one size-bloomver-size-one wp-post-image\" alt=\"V\u00e2rf de munte acoperit cu z\u0103pad\u0103, peisaj montan \u00een tonuri de gri, cu copaci \u0219i umbre lungi.\" srcset=\"https:\/\/viorelcorbu.ro\/wp-content\/uploads\/2026\/07\/4C9F7036-07CF-45F9-9EA6-FA5393E1DF7E-1.jpeg 1536w, https:\/\/viorelcorbu.ro\/wp-content\/uploads\/2026\/07\/4C9F7036-07CF-45F9-9EA6-FA5393E1DF7E-1-300x200.jpeg 300w, https:\/\/viorelcorbu.ro\/wp-content\/uploads\/2026\/07\/4C9F7036-07CF-45F9-9EA6-FA5393E1DF7E-1-768x512.jpeg 768w\" sizes=\"auto, (max-width: 1536px) 100vw, 1536px\" \/>        \n            \n            <div class=\"thumb-info\">\n                <h3>\n                                <a href=\"https:\/\/viorelcorbu.ro\/en\/blog\/o-noua-plansa-in-bucegi-linia-babele-pestera\/\" class=\"ajax\">\n                                O nou\u0103 plan\u0219\u0103 \u00een Bucegi \u2013 linia Babele \u2013 Pe\u0219tera                                <\/a>\n                                <\/h3>\n                <p class=\"folio-cat-list\"><a href=\"https:\/\/viorelcorbu.ro\/en\/portfolio_cat\/pov\/\">POV<\/a><span> \/ <\/span><a href=\"https:\/\/viorelcorbu.ro\/en\/portfolio_cat\/snowboarding\/\">Snowboarding<\/a><span> \/ <\/span><a href=\"https:\/\/viorelcorbu.ro\/en\/portfolio_cat\/video\/\">Video<\/a><\/p>\n                <div class=\"folio-excerpt\">De la Babele spre Pe\u0219tera \u2013 o cobor\u00e2re continu\u0103 \u00een Mun\u021bii Bucegi, unde fiecare sec\u021biune schimb\u0103 ritmul, dar p\u0103streaz\u0103 flow-ul. Februarie, martie, aprilie. Dup\u0103 fiecare ninsoare, acela\u0219i impuls: sus, \u00een Mun\u021bii Bucegi. Urc cu telecabina de la Bu\u0219teni \u0219i ies direct \u00een alb, cu lini\u0219tea aia dens\u0103 care apare doar dup\u0103 ce se a\u0219az\u0103 z\u0103pada. [...]<\/div>            <\/div>\n\n            \n\n                <\/div>\n\n    <\/div>\n<\/div>\n                            \n                <div class=\"gallery-item foliover-style1 gallery-item-one post-1490 portfolio type-portfolio status-publish has-post-thumbnail hentry portfolio_cat-video\">\n    <div class=\"grid-item-holder\">\n        <div class=\"grid-item-holder-inner\">\n                    <img loading=\"lazy\" decoding=\"async\" width=\"1200\" height=\"800\" src=\"https:\/\/viorelcorbu.ro\/wp-content\/uploads\/2023\/05\/012-00-snowboarding-viorelcorbu-e1763463691439.jpg\" class=\"attachment-bloomver-size-one size-bloomver-size-one wp-post-image\" alt=\"\" srcset=\"https:\/\/viorelcorbu.ro\/wp-content\/uploads\/2023\/05\/012-00-snowboarding-viorelcorbu-e1763463691439.jpg 1200w, https:\/\/viorelcorbu.ro\/wp-content\/uploads\/2023\/05\/012-00-snowboarding-viorelcorbu-e1763463691439-300x200.jpg 300w, https:\/\/viorelcorbu.ro\/wp-content\/uploads\/2023\/05\/012-00-snowboarding-viorelcorbu-e1763463691439-768x512.jpg 768w, https:\/\/viorelcorbu.ro\/wp-content\/uploads\/2023\/05\/012-00-snowboarding-viorelcorbu-e1763463691439-1024x683.jpg 1024w\" sizes=\"auto, (max-width: 1200px) 100vw, 1200px\" \/>        \n            \n            <div class=\"thumb-info\">\n                <h3>\n                                <a href=\"https:\/\/viorelcorbu.ro\/en\/blog\/iunie-2020\/\" class=\"ajax\">\n                                Iunie 2020 cu Sergiu                                <\/a>\n                                <\/h3>\n                <p class=\"folio-cat-list\"><a href=\"https:\/\/viorelcorbu.ro\/en\/portfolio_cat\/video\/\">Video<\/a><\/p>\n                <div class=\"folio-excerpt\">4 iunie. Urc\u0103m cu cabina la Babele \u0219i ie\u0219im pe platou. V\u00e2ntul bate u\u0219or, c\u00e2t s\u0103-\u021bi aminteasc\u0103 unde e\u0219ti. Intr\u0103m direct pe Valea Jepilor. Z\u0103pad\u0103 de prim\u0103var\u0103 \u2014 pu\u021bin murdar\u0103, dar alunec\u0103 surprinz\u0103tor de bine. Genul \u0103la de zi \u00een care muntele nu se mai ap\u0103r\u0103, doar te las\u0103 s\u0103 treci. Cu Sergiu ne vedem [...]<\/div>            <\/div>\n\n            \n\n                <\/div>\n\n    <\/div>\n<\/div>\n                            \n                <div class=\"gallery-item foliover-style1 gallery-item-one post-1323 portfolio type-portfolio status-publish has-post-thumbnail hentry portfolio_cat-video\">\n    <div class=\"grid-item-holder\">\n        <div class=\"grid-item-holder-inner\">\n                    <img loading=\"lazy\" decoding=\"async\" width=\"1200\" height=\"798\" src=\"https:\/\/spcdn.shortpixel.ai\/spio\/ret_img,q_cdnize,to_auto,s_webp:avif\/viorelcorbu.ro\/wp-content\/uploads\/2023\/04\/002-00-snowboarding-viorelcorbu-e1778337342358.jpg\" class=\"attachment-bloomver-size-one size-bloomver-size-one wp-post-image\" alt=\"\" \/>        \n            \n                                    <a data-src=\"https:\/\/viorelcorbu.ro\/wp-content\/uploads\/2025\/11\/Blog.20The20Raven20&#039;20.jpg\" class=\"single-popup-image slider-zoom\"><i class=\"fa fa-search\"><\/i><\/a>\n                            \n            <div class=\"thumb-info\">\n                <h3>\n                                <a href=\"https:\/\/viorelcorbu.ro\/en\/blog\/raven-primele-ture-in-valea-dorului\/\" class=\"ajax\">\n                                Raven: Primele ture \u00een Valea Dorului                                <\/a>\n                                <\/h3>\n                <p class=\"folio-cat-list\"><a href=\"https:\/\/viorelcorbu.ro\/en\/portfolio_cat\/video\/\">Video<\/a><\/p>\n                <div class=\"folio-excerpt\">19 martie 2020 Valea Dorului, Sinaia. Am r\u0103mas peste noapte sus, la Cabana Valea Dorului. A nins lini\u0219tit c\u00e2t timp muntele dormea, acoperind totul \u00eentr-un strat proasp\u0103t \u0219i t\u0103cut. Diminea\u021ba, cu primul telescaun. Aer rece, nicio urm\u0103 \u00een jur \u0219i senza\u021bia aia rar\u0103 c\u0103 muntele e doar al t\u0103u pentru c\u00e2teva ture. Am dat primele [...]<\/div>            <\/div>\n\n            \n\n                <\/div>\n\n    <\/div>\n<\/div>\n                            \n                <div class=\"gallery-item foliover-style1 gallery-item-one post-1602 portfolio type-portfolio status-publish has-post-thumbnail hentry portfolio_cat-video\">\n    <div class=\"grid-item-holder\">\n        <div class=\"grid-item-holder-inner\">\n                    <img loading=\"lazy\" decoding=\"async\" width=\"2560\" height=\"1707\" src=\"https:\/\/viorelcorbu.ro\/wp-content\/uploads\/2023\/11\/AW18-36-scaled.jpg\" class=\"attachment-bloomver-size-one size-bloomver-size-one wp-post-image\" alt=\"Petec de z\u0103pad\u0103 \u00een mun\u021bi, dup\u0103 iarn\u0103, cu cer senin \u0219i nori albi.\" srcset=\"https:\/\/viorelcorbu.ro\/wp-content\/uploads\/2023\/11\/AW18-36-scaled.jpg 2560w, https:\/\/viorelcorbu.ro\/wp-content\/uploads\/2023\/11\/AW18-36-300x200.jpg 300w, https:\/\/viorelcorbu.ro\/wp-content\/uploads\/2023\/11\/AW18-36-768x512.jpg 768w, https:\/\/viorelcorbu.ro\/wp-content\/uploads\/2023\/11\/AW18-36-1024x683.jpg 1024w, https:\/\/viorelcorbu.ro\/wp-content\/uploads\/2023\/11\/AW18-36-1536x1024.jpg 1536w, https:\/\/viorelcorbu.ro\/wp-content\/uploads\/2023\/11\/AW18-36-2048x1366.jpg 2048w\" sizes=\"auto, (max-width: 2560px) 100vw, 2560px\" \/>        \n            \n            <div class=\"thumb-info\">\n                <h3>\n                                <a href=\"https:\/\/viorelcorbu.ro\/en\/blog\/after-winter-18\/\" class=\"ajax\">\n                                After Winter &#8217;18                                <\/a>\n                                <\/h3>\n                <p class=\"folio-cat-list\"><a href=\"https:\/\/viorelcorbu.ro\/en\/portfolio_cat\/video\/\">Video<\/a><\/p>\n                <div class=\"folio-excerpt\">Muntii Bucegi, Romania, 30 Iulie - 4 August '18 Trag aer \u00een piept \u0219i \u00eencep s\u0103 ridic din bagaje. O mare parte din cabin\u0103 era ocupat\u0103 cu echipamentele noastre. Desc\u0103rc\u0103m \u0219i pornim v\u00e2njo\u0219i spre ultima bucat\u0103 de z\u0103pad\u0103. La scurt timp \u00eencepe u\u0219or ploaia, apoi iese soarele. Cum \u00een ultima lun\u0103 vremea a fost sc\u0103pat\u0103 [...]<\/div>            <\/div>\n\n            \n\n                <\/div>\n\n    <\/div>\n<\/div>\n                            \n                <div class=\"gallery-item foliover-style1 gallery-item-one post-1588 portfolio type-portfolio status-publish has-post-thumbnail hentry portfolio_cat-video\">\n    <div class=\"grid-item-holder\">\n        <div class=\"grid-item-holder-inner\">\n                    <img loading=\"lazy\" decoding=\"async\" width=\"2560\" height=\"1707\" src=\"https:\/\/viorelcorbu.ro\/wp-content\/uploads\/2023\/11\/IMG_0409-scaled.jpg\" class=\"attachment-bloomver-size-one size-bloomver-size-one wp-post-image\" alt=\"Drume\u021b pe malul unui r\u00e2u \u00een peisaj montan cu mun\u021bi \u0219i cer senin.\" srcset=\"https:\/\/viorelcorbu.ro\/wp-content\/uploads\/2023\/11\/IMG_0409-scaled.jpg 2560w, https:\/\/viorelcorbu.ro\/wp-content\/uploads\/2023\/11\/IMG_0409-2048x1365.jpg 2048w, https:\/\/viorelcorbu.ro\/wp-content\/uploads\/2023\/11\/IMG_0409-300x200.jpg 300w, https:\/\/viorelcorbu.ro\/wp-content\/uploads\/2023\/11\/IMG_0409-768x512.jpg 768w, https:\/\/viorelcorbu.ro\/wp-content\/uploads\/2023\/11\/IMG_0409-1024x683.jpg 1024w, https:\/\/viorelcorbu.ro\/wp-content\/uploads\/2023\/11\/IMG_0409-1536x1024.jpg 1536w\" sizes=\"auto, (max-width: 2560px) 100vw, 2560px\" \/>        \n            \n            <div class=\"thumb-info\">\n                <h3>\n                                <a href=\"https:\/\/viorelcorbu.ro\/en\/blog\/after-winter-17\/\" class=\"ajax\">\n                                After Winter &#8217;17                                <\/a>\n                                <\/h3>\n                <p class=\"folio-cat-list\"><a href=\"https:\/\/viorelcorbu.ro\/en\/portfolio_cat\/video\/\">Video<\/a><\/p>\n                <div class=\"folio-excerpt\">Parcul Natural Bucegi, Romania, 02-08 Iulie 2017 \u00cempachet\u0103m ultimele cump\u0103r\u0103turi, apoi mergem spre telecabin\u0103. Ultima curs\u0103 face parte din plan pentru a evita aglomera\u021bia. Sus e cea\u021b\u0103 \u0219i v\u00e2nt, iar \u00eentr-un moment cu vizibilitate \u00eei ar\u0103t lui Marius o bucat\u0103 de z\u0103pad\u0103 aproape de releul Costila. E zona unde ne v-om petrece urm\u0103toarea s\u0103pt\u0103m\u00e2n\u0103. Ajungem [...]<\/div>            <\/div>\n\n            \n\n                <\/div>\n\n    <\/div>\n<\/div>\n                            \n                <div class=\"gallery-item foliover-style1 gallery-item-one post-231 portfolio type-portfolio status-publish has-post-thumbnail hentry portfolio_cat-tura portfolio_cat-snowboarding\">\n    <div class=\"grid-item-holder\">\n        <div class=\"grid-item-holder-inner\">\n                    <img loading=\"lazy\" decoding=\"async\" width=\"1200\" height=\"800\" src=\"https:\/\/viorelcorbu.ro\/wp-content\/uploads\/2016\/10\/005-10-snowboarding-viorelcorbu-e1763463568450.jpg\" class=\"attachment-bloomver-size-one size-bloomver-size-one wp-post-image\" alt=\"\" srcset=\"https:\/\/viorelcorbu.ro\/wp-content\/uploads\/2016\/10\/005-10-snowboarding-viorelcorbu-e1763463568450.jpg 1200w, https:\/\/viorelcorbu.ro\/wp-content\/uploads\/2016\/10\/005-10-snowboarding-viorelcorbu-e1763463568450-300x200.jpg 300w, https:\/\/viorelcorbu.ro\/wp-content\/uploads\/2016\/10\/005-10-snowboarding-viorelcorbu-e1763463568450-768x512.jpg 768w, https:\/\/viorelcorbu.ro\/wp-content\/uploads\/2016\/10\/005-10-snowboarding-viorelcorbu-e1763463568450-1024x683.jpg 1024w\" sizes=\"auto, (max-width: 1200px) 100vw, 1200px\" \/>        \n            \n            <div class=\"thumb-info\">\n                <h3>\n                                <a href=\"https:\/\/viorelcorbu.ro\/en\/blog\/photoride-2016\/\" class=\"ajax\">\n                                Photoride &#8217;16                                <\/a>\n                                <\/h3>\n                <p class=\"folio-cat-list\"><a href=\"https:\/\/viorelcorbu.ro\/en\/portfolio_cat\/tura\/\">Schi de tur\u0103<\/a><span> \/ <\/span><a href=\"https:\/\/viorelcorbu.ro\/en\/portfolio_cat\/snowboarding\/\">Snowboarding<\/a><\/p>\n                <div class=\"folio-excerpt\">Sinaia - Valea Dorului,\u00a013-14 Februarie 2016 Fotograf Sergiu Gheorghe E vineri aproape de inchiderea programului. Sergiu e la 1400, asa ca mai dau o tura rapid apoi merg sa il astept entuziasmat la 2000. Intru la peron si astept cu rabdare telecabina ce urca usor in statie. Se deschid usile si primesc o geanta mare [...]<\/div>            <\/div>\n\n            \n\n                <\/div>\n\n    <\/div>\n<\/div>\n                            \n                <div class=\"gallery-item foliover-style1 gallery-item-one post-207 portfolio type-portfolio status-publish has-post-thumbnail hentry portfolio_cat-video\">\n    <div class=\"grid-item-holder\">\n        <div class=\"grid-item-holder-inner\">\n                    <img loading=\"lazy\" decoding=\"async\" width=\"1200\" height=\"800\" src=\"https:\/\/viorelcorbu.ro\/wp-content\/uploads\/2016\/10\/006-03-snowboarding-viorelcorbu-e1763463630938.jpg\" class=\"attachment-bloomver-size-one size-bloomver-size-one wp-post-image\" alt=\"\" srcset=\"https:\/\/viorelcorbu.ro\/wp-content\/uploads\/2016\/10\/006-03-snowboarding-viorelcorbu-e1763463630938.jpg 1200w, https:\/\/viorelcorbu.ro\/wp-content\/uploads\/2016\/10\/006-03-snowboarding-viorelcorbu-e1763463630938-300x200.jpg 300w, https:\/\/viorelcorbu.ro\/wp-content\/uploads\/2016\/10\/006-03-snowboarding-viorelcorbu-e1763463630938-768x512.jpg 768w, https:\/\/viorelcorbu.ro\/wp-content\/uploads\/2016\/10\/006-03-snowboarding-viorelcorbu-e1763463630938-1024x683.jpg 1024w\" sizes=\"auto, (max-width: 1200px) 100vw, 1200px\" \/>        \n            \n            <div class=\"thumb-info\">\n                <h3>\n                                <a href=\"https:\/\/viorelcorbu.ro\/en\/blog\/after-winter-2016\/\" class=\"ajax\">\n                                After Winter &#8217;16                                <\/a>\n                                <\/h3>\n                <p class=\"folio-cat-list\"><a href=\"https:\/\/viorelcorbu.ro\/en\/portfolio_cat\/video\/\">Video<\/a><\/p>\n                <div class=\"folio-excerpt\">Parcul Natural Bucegi, 11 - 14 iulie '16 Desi nu a fost un sezon grozav, prin vai, zapada a fost la fel ca in fiecare an. Statistic, in jur de 20 iulie curat echipamentele si le pregatesc de vara. Anul acesta \"After Winter\" inseamna un edit pe ultima bucata de zapada de pe platou. Inainte [...]<\/div>            <\/div>\n\n            \n\n                <\/div>\n\n    <\/div>\n<\/div>\n                            \n                <div class=\"gallery-item foliover-style1 gallery-item-one post-1500 portfolio type-portfolio status-publish has-post-thumbnail hentry portfolio_cat-video\">\n    <div class=\"grid-item-holder\">\n        <div class=\"grid-item-holder-inner\">\n                    <img loading=\"lazy\" decoding=\"async\" width=\"1200\" height=\"800\" src=\"https:\/\/spcdn.shortpixel.ai\/spio\/ret_img,q_cdnize,to_auto,s_webp:avif\/viorelcorbu.ro\/wp-content\/uploads\/2023\/04\/IMG_0022-scaled-e1778337459801.jpg\" class=\"attachment-bloomver-size-one size-bloomver-size-one wp-post-image\" alt=\"Schior \u00een aer, practic\u00e2nd freestyle pe p\u00e2rtie de schi.\" \/>        \n            \n            <div class=\"thumb-info\">\n                <h3>\n                                <a href=\"https:\/\/viorelcorbu.ro\/en\/blog\/after-winter-15\/\" class=\"ajax\">\n                                After Winter &#8217;15                                <\/a>\n                                <\/h3>\n                <p class=\"folio-cat-list\"><a href=\"https:\/\/viorelcorbu.ro\/en\/portfolio_cat\/video\/\">Video<\/a><\/p>\n                <div class=\"folio-excerpt\">Parcul Natural Bucegi, 13 august '15 P\u00e2rtiile sunt \u00eenchise oficial, iar prietenii imi povestesc planurile lor de vara. Accept venirea ei, iar \u00een timp ce zambesc imi configurez echipamentul pentru vara. Lopata si rucsacul sunt efectele de baza, pe langa placa, manusi, manusi de rezerva, casca si apa. Este inceput de aprilie, iar prietenii de [...]<\/div>            <\/div>\n\n            \n\n                <\/div>\n\n    <\/div>\n<\/div>\n                            \n                <div class=\"gallery-item foliover-style1 gallery-item-one post-1573 portfolio type-portfolio status-publish has-post-thumbnail hentry portfolio_cat-video\">\n    <div class=\"grid-item-holder\">\n        <div class=\"grid-item-holder-inner\">\n                    <img loading=\"lazy\" decoding=\"async\" width=\"1200\" height=\"800\" src=\"https:\/\/spcdn.shortpixel.ai\/spio\/ret_img,q_cdnize,to_auto,s_webp:avif\/viorelcorbu.ro\/wp-content\/uploads\/2023\/11\/AF14-scaled-e1784742126245.jpg\" class=\"attachment-bloomver-size-one size-bloomver-size-one wp-post-image\" alt=\"Skateboarder salt\u00e2nd peste z\u0103pad\u0103 \u0219i st\u00e2nci \u00een peisaj montan.\" \/>        \n            \n            <div class=\"thumb-info\">\n                <h3>\n                                <a href=\"https:\/\/viorelcorbu.ro\/en\/blog\/after-winter-14\/\" class=\"ajax\">\n                                After Winter \u201914                                <\/a>\n                                <\/h3>\n                <p class=\"folio-cat-list\"><a href=\"https:\/\/viorelcorbu.ro\/en\/portfolio_cat\/video\/\">Video<\/a><\/p>\n                <div class=\"folio-excerpt\">Loca\u021bii: Platoul Bucegi, Valea Dorului - Sinaia, B\u00e2lea Lac, Betterpark Hintertux Mai vreau o tur\u0103 After Winter &#039;15<\/div>            <\/div>\n\n            \n\n                <\/div>\n\n    <\/div>\n<\/div>\n             \n            \n        <\/div>\n        \n        <\/div>\n\n<\/div>\n<div class=\"clearfix\"><\/div>\n<\/div><\/div><\/div><\/div><div class=\"clearfix\"><\/div>\n","protected":false},"excerpt":{"rendered":"Locations: Bucegi Mountains, Valea Dorului \u2013 Sinaia, B\u00e2lea Lake, Betterpark Hintertux","protected":false},"author":1,"featured_media":1391,"parent":0,"menu_order":0,"comment_status":"closed","ping_status":"closed","template":"homepage.php","meta":{"footnotes":""},"class_list":["post-57","page","type-page","status-publish","has-post-thumbnail","hentry"],"_links":{"self":[{"href":"https:\/\/viorelcorbu.ro\/en\/wp-json\/wp\/v2\/pages\/57","targetHints":{"allow":["GET"]}}],"collection":[{"href":"https:\/\/viorelcorbu.ro\/en\/wp-json\/wp\/v2\/pages"}],"about":[{"href":"https:\/\/viorelcorbu.ro\/en\/wp-json\/wp\/v2\/types\/page"}],"author":[{"embeddable":true,"href":"https:\/\/viorelcorbu.ro\/en\/wp-json\/wp\/v2\/users\/1"}],"replies":[{"embeddable":true,"href":"https:\/\/viorelcorbu.ro\/en\/wp-json\/wp\/v2\/comments?post=57"}],"version-history":[{"count":26,"href":"https:\/\/viorelcorbu.ro\/en\/wp-json\/wp\/v2\/pages\/57\/revisions"}],"predecessor-version":[{"id":2220,"href":"https:\/\/viorelcorbu.ro\/en\/wp-json\/wp\/v2\/pages\/57\/revisions\/2220"}],"wp:featuredmedia":[{"embeddable":true,"href":"https:\/\/viorelcorbu.ro\/en\/wp-json\/wp\/v2\/media\/1391"}],"wp:attachment":[{"href":"https:\/\/viorelcorbu.ro\/en\/wp-json\/wp\/v2\/media?parent=57"}],"curies":[{"name":"wp","href":"https:\/\/api.w.org\/{rel}","templated":true}]}}